{"id":927,"date":"2022-07-26T17:58:59","date_gmt":"2022-07-26T15:58:59","guid":{"rendered":"https:\/\/unterirdis.ch\/wordpress\/?page_id=927"},"modified":"2022-07-29T10:58:14","modified_gmt":"2022-07-29T08:58:14","slug":"am-deutschen-bergbau-museum-bochum","status":"publish","type":"page","link":"https:\/\/unterirdis.ch\/wordpress\/am-deutschen-bergbau-museum-bochum\/","title":{"rendered":"UnterUns am Deutschen Bergbau-Museum Bochum"},"content":{"rendered":"\t\t<div data-elementor-type=\"wp-page\" data-elementor-id=\"927\" class=\"elementor elementor-927\" data-elementor-post-type=\"page\">\n\t\t\t\t\t\t<section class=\"elementor-section elementor-top-section elementor-element elementor-element-bd943c9 elementor-section-boxed elementor-section-height-default elementor-section-height-default\" data-id=\"bd943c9\" data-element_type=\"section\" data-e-type=\"section\">\n\t\t\t\t\t\t<div class=\"elementor-container elementor-column-gap-default\">\n\t\t\t\t\t<div class=\"elementor-column elementor-col-100 elementor-top-column elementor-element elementor-element-6ee9874\" data-id=\"6ee9874\" data-element_type=\"column\" data-e-type=\"column\">\n\t\t\t<div class=\"elementor-widget-wrap elementor-element-populated\">\n\t\t\t\t\t\t<div class=\"elementor-element elementor-element-37ebefc elementor-widget elementor-widget-spacer\" data-id=\"37ebefc\" data-element_type=\"widget\" data-e-type=\"widget\" data-widget_type=\"spacer.default\">\n\t\t\t\t<div class=\"elementor-widget-container\">\n\t\t\t\t\t\t\t<div class=\"elementor-spacer\">\n\t\t\t<div class=\"elementor-spacer-inner\"><\/div>\n\t\t<\/div>\n\t\t\t\t\t\t<\/div>\n\t\t\t\t<\/div>\n\t\t\t\t\t<\/div>\n\t\t<\/div>\n\t\t\t\t\t<\/div>\n\t\t<\/section>\n\t\t\t\t<section class=\"elementor-section elementor-top-section elementor-element elementor-element-a0fa602 elementor-section-boxed elementor-section-height-default elementor-section-height-default\" data-id=\"a0fa602\" data-element_type=\"section\" data-e-type=\"section\">\n\t\t\t\t\t\t<div class=\"elementor-container elementor-column-gap-default\">\n\t\t\t\t\t<div class=\"elementor-column elementor-col-50 elementor-top-column elementor-element elementor-element-8b599fe\" data-id=\"8b599fe\" data-element_type=\"column\" data-e-type=\"column\">\n\t\t\t<div class=\"elementor-widget-wrap elementor-element-populated\">\n\t\t\t\t\t\t<div class=\"elementor-element elementor-element-97905f7 elementor-widget elementor-widget-text-editor\" data-id=\"97905f7\" data-element_type=\"widget\" data-e-type=\"widget\" data-widget_type=\"text-editor.default\">\n\t\t\t\t<div class=\"elementor-widget-container\">\n\t\t\t\t\t\t\t\t\t<p>Kommen Sie mit Hinter die Kulissen unserer Arbeit. Wir nehmen Sie mit in unseren Alltag und berichten \u00fcber unsere Forschungen, Projekte und Ausstellungen.<\/p>\t\t\t\t\t\t\t\t<\/div>\n\t\t\t\t<\/div>\n\t\t\t\t<section class=\"elementor-section elementor-inner-section elementor-element elementor-element-9043931 elementor-section-boxed elementor-section-height-default elementor-section-height-default\" data-id=\"9043931\" data-element_type=\"section\" data-e-type=\"section\">\n\t\t\t\t\t\t<div class=\"elementor-container elementor-column-gap-default\">\n\t\t\t\t\t<div class=\"elementor-column elementor-col-50 elementor-inner-column elementor-element elementor-element-32be7e6\" data-id=\"32be7e6\" data-element_type=\"column\" data-e-type=\"column\">\n\t\t\t<div class=\"elementor-widget-wrap elementor-element-populated\">\n\t\t\t\t\t\t<div class=\"elementor-element elementor-element-74309fa elementor-align-center elementor-widget elementor-widget-button\" data-id=\"74309fa\" data-element_type=\"widget\" data-e-type=\"widget\" data-widget_type=\"button.default\">\n\t\t\t\t<div class=\"elementor-widget-container\">\n\t\t\t\t\t\t\t\t\t<div class=\"elementor-button-wrapper\">\n\t\t\t\t\t<a class=\"elementor-button elementor-button-link elementor-size-sm\" href=\"https:\/\/unterirdis.ch\/wordpress\/an-der-ruhr-universitaet\/\">\n\t\t\t\t\t\t<span class=\"elementor-button-content-wrapper\">\n\t\t\t\t\t\t\t\t\t<span class=\"elementor-button-text\">... an der Ruhr-Universit\u00e4t <\/span>\n\t\t\t\t\t<\/span>\n\t\t\t\t\t<\/a>\n\t\t\t\t<\/div>\n\t\t\t\t\t\t\t\t<\/div>\n\t\t\t\t<\/div>\n\t\t\t\t\t<\/div>\n\t\t<\/div>\n\t\t\t\t<div class=\"elementor-column elementor-col-50 elementor-inner-column elementor-element elementor-element-6275244\" data-id=\"6275244\" data-element_type=\"column\" data-e-type=\"column\">\n\t\t\t<div class=\"elementor-widget-wrap elementor-element-populated\">\n\t\t\t\t\t\t<div class=\"elementor-element elementor-element-44a4e6a elementor-align-center elementor-widget elementor-widget-button\" data-id=\"44a4e6a\" data-element_type=\"widget\" data-e-type=\"widget\" data-widget_type=\"button.default\">\n\t\t\t\t<div class=\"elementor-widget-container\">\n\t\t\t\t\t\t\t\t\t<div class=\"elementor-button-wrapper\">\n\t\t\t\t\t<a class=\"elementor-button elementor-button-link elementor-size-sm\" href=\"https:\/\/unterirdis.ch\/wordpress\/am-deutschen-bergbau-museum-bochum\/\">\n\t\t\t\t\t\t<span class=\"elementor-button-content-wrapper\">\n\t\t\t\t\t\t\t\t\t<span class=\"elementor-button-text\">am Deutschen Bergbau-Museum Bochum <\/span>\n\t\t\t\t\t<\/span>\n\t\t\t\t\t<\/a>\n\t\t\t\t<\/div>\n\t\t\t\t\t\t\t\t<\/div>\n\t\t\t\t<\/div>\n\t\t\t\t\t<\/div>\n\t\t<\/div>\n\t\t\t\t\t<\/div>\n\t\t<\/section>\n\t\t\t\t\t<\/div>\n\t\t<\/div>\n\t\t\t\t<div class=\"elementor-column elementor-col-50 elementor-top-column elementor-element elementor-element-6f7d189\" data-id=\"6f7d189\" data-element_type=\"column\" data-e-type=\"column\">\n\t\t\t<div class=\"elementor-widget-wrap elementor-element-populated\">\n\t\t\t\t\t\t<div class=\"elementor-element elementor-element-caa427c elementor-widget elementor-widget-shortcode\" data-id=\"caa427c\" data-element_type=\"widget\" data-e-type=\"widget\" data-widget_type=\"shortcode.default\">\n\t\t\t\t<div class=\"elementor-widget-container\">\n\t\t\t\t\t\t\t<div class=\"elementor-shortcode\"><div class=\"map_wrapper\" id=\"map_wrapper_393\">\n<div class=\"map_box\" style=\"max-width:2000px\">\n<div class=\"map_aspect_ratio\" style=\"padding-top:56%\" data-padding-top=\"56%\" data-padding-top-mobile=\"0%\">\n<div class=\"map_container\">\n<div class=\"map_render map_loading\" id=\"map_393\"><\/div>\n<\/div>\n<\/div>\n<\/div>\n<\/div><\/div>\n\t\t\t\t\t\t<\/div>\n\t\t\t\t<\/div>\n\t\t\t\t<div class=\"elementor-element elementor-element-6b630f9 elementor-widget elementor-widget-spacer\" data-id=\"6b630f9\" data-element_type=\"widget\" data-e-type=\"widget\" data-widget_type=\"spacer.default\">\n\t\t\t\t<div class=\"elementor-widget-container\">\n\t\t\t\t\t\t\t<div class=\"elementor-spacer\">\n\t\t\t<div class=\"elementor-spacer-inner\"><\/div>\n\t\t<\/div>\n\t\t\t\t\t\t<\/div>\n\t\t\t\t<\/div>\n\t\t\t\t\t<\/div>\n\t\t<\/div>\n\t\t\t\t\t<\/div>\n\t\t<\/section>\n\t\t\t\t<section class=\"elementor-section elementor-top-section elementor-element elementor-element-b0fb8af elementor-section-boxed elementor-section-height-default elementor-section-height-default\" data-id=\"b0fb8af\" data-element_type=\"section\" data-e-type=\"section\">\n\t\t\t\t\t\t<div class=\"elementor-container elementor-column-gap-default\">\n\t\t\t\t\t<div class=\"elementor-column elementor-col-100 elementor-top-column elementor-element elementor-element-73e2c27\" data-id=\"73e2c27\" data-element_type=\"column\" data-e-type=\"column\">\n\t\t\t<div class=\"elementor-widget-wrap elementor-element-populated\">\n\t\t\t\t\t\t<div class=\"elementor-element elementor-element-2212405 elementor-widget elementor-widget-spacer\" data-id=\"2212405\" data-element_type=\"widget\" data-e-type=\"widget\" data-widget_type=\"spacer.default\">\n\t\t\t\t<div class=\"elementor-widget-container\">\n\t\t\t\t\t\t\t<div class=\"elementor-spacer\">\n\t\t\t<div class=\"elementor-spacer-inner\"><\/div>\n\t\t<\/div>\n\t\t\t\t\t\t<\/div>\n\t\t\t\t<\/div>\n\t\t\t\t<div class=\"elementor-element elementor-element-a9ac347 elementor-widget elementor-widget-heading\" data-id=\"a9ac347\" data-element_type=\"widget\" data-e-type=\"widget\" data-widget_type=\"heading.default\">\n\t\t\t\t<div class=\"elementor-widget-container\">\n\t\t\t\t\t<h2 class=\"elementor-heading-title elementor-size-default\">Aktuelle Beitr\u00e4ge<\/h2>\t\t\t\t<\/div>\n\t\t\t\t<\/div>\n\t\t\t\t<div class=\"elementor-element elementor-element-7085fce elementor-widget elementor-widget-spacer\" data-id=\"7085fce\" data-element_type=\"widget\" data-e-type=\"widget\" data-widget_type=\"spacer.default\">\n\t\t\t\t<div class=\"elementor-widget-container\">\n\t\t\t\t\t\t\t<div class=\"elementor-spacer\">\n\t\t\t<div class=\"elementor-spacer-inner\"><\/div>\n\t\t<\/div>\n\t\t\t\t\t\t<\/div>\n\t\t\t\t<\/div>\n\t\t\t\t<div class=\"elementor-element elementor-element-701a996 elementor-grid-3 elementor-grid-tablet-2 elementor-grid-mobile-1 elementor-posts--thumbnail-top elementor-widget elementor-widget-posts\" data-id=\"701a996\" data-element_type=\"widget\" data-e-type=\"widget\" data-settings=\"{&quot;classic_columns&quot;:&quot;3&quot;,&quot;classic_columns_tablet&quot;:&quot;2&quot;,&quot;classic_columns_mobile&quot;:&quot;1&quot;,&quot;classic_row_gap&quot;:{&quot;unit&quot;:&quot;px&quot;,&quot;size&quot;:35,&quot;sizes&quot;:[]},&quot;classic_row_gap_tablet&quot;:{&quot;unit&quot;:&quot;px&quot;,&quot;size&quot;:&quot;&quot;,&quot;sizes&quot;:[]},&quot;classic_row_gap_mobile&quot;:{&quot;unit&quot;:&quot;px&quot;,&quot;size&quot;:&quot;&quot;,&quot;sizes&quot;:[]}}\" data-widget_type=\"posts.classic\">\n\t\t\t\t<div class=\"elementor-widget-container\">\n\t\t\t\t\t\t\t<div class=\"elementor-posts-container elementor-posts elementor-posts--skin-classic elementor-grid\" role=\"list\">\n\t\t\t\t<article class=\"elementor-post elementor-grid-item post-2830 post type-post status-publish format-standard has-post-thumbnail hentry category-im-museum category-an-der-ruhr-universitaet-bochum category-oesterreich tag-deutsches-bergbau-museum-bochum tag-duerrnberg tag-forschung tag-forschungskoordinator tag-podcast tag-ruhr-universitaet-bochum tag-wisskomm\" role=\"listitem\">\n\t\t\t\t<a class=\"elementor-post__thumbnail__link\" href=\"https:\/\/unterirdis.ch\/wordpress\/2025\/12\/19\/folge-56-forschungskoordinator-duerrnberg\/\" tabindex=\"-1\" >\n\t\t\t<div class=\"elementor-post__thumbnail\"><img fetchpriority=\"high\" decoding=\"async\" width=\"768\" height=\"477\" src=\"https:\/\/unterirdis.ch\/wp-content\/uploads\/2025\/12\/csm_20251203_Kooperationsvertrag_Duerrnberg__c_Keltenmuseum_Claudia_Schwenk_19ecbd9ed0-768x477.jpg\" class=\"attachment-medium_large size-medium_large wp-image-2831\" alt=\"Die Vertragspartner mit den Unterschriebenen Vertr\u00e4gen der Forschungskooperation.\" srcset=\"https:\/\/unterirdis.ch\/wp-content\/uploads\/2025\/12\/csm_20251203_Kooperationsvertrag_Duerrnberg__c_Keltenmuseum_Claudia_Schwenk_19ecbd9ed0-768x477.jpg 768w, https:\/\/unterirdis.ch\/wp-content\/uploads\/2025\/12\/csm_20251203_Kooperationsvertrag_Duerrnberg__c_Keltenmuseum_Claudia_Schwenk_19ecbd9ed0-300x186.jpg 300w, https:\/\/unterirdis.ch\/wp-content\/uploads\/2025\/12\/csm_20251203_Kooperationsvertrag_Duerrnberg__c_Keltenmuseum_Claudia_Schwenk_19ecbd9ed0.jpg 934w\" sizes=\"(max-width: 768px) 100vw, 768px\" \/><\/div>\n\t\t<\/a>\n\t\t\t\t<div class=\"elementor-post__text\">\n\t\t\t\t<h3 class=\"elementor-post__title\">\n\t\t\t<a href=\"https:\/\/unterirdis.ch\/wordpress\/2025\/12\/19\/folge-56-forschungskoordinator-duerrnberg\/\" >\n\t\t\t\tFolge 56 &#8211; Forschungskoordinator D\u00fcrrnberg\t\t\t<\/a>\n\t\t<\/h3>\n\t\t\t\t<div class=\"elementor-post__meta-data\">\n\t\t\t\t\t<span class=\"elementor-post-date\">\n\t\t\t19. Dezember 2025\t\t<\/span>\n\t\t\t\t<\/div>\n\t\t\t\t<div class=\"elementor-post__excerpt\">\n\t\t\t<p>Die Kooperationspartner nach der Vertragsunterschrift (v. li.): Prof. Dr. Martin Hochleitner, Direktor\/Gesch\u00e4ftsf\u00fchrer Salzburg Museum GmbH, Dr. Walter Irlinger, Vorsitzender des Wissenschaftlichen Beirats des Keltenmuseums, Florian Knopp, Leiter des Keltenmuseums Hallein,<\/p>\n\t\t<\/div>\n\t\t\t\t\t<div class=\"elementor-post__read-more-wrapper\">\n\t\t\n\t\t<a class=\"elementor-post__read-more\" href=\"https:\/\/unterirdis.ch\/wordpress\/2025\/12\/19\/folge-56-forschungskoordinator-duerrnberg\/\" aria-label=\"Mehr \u00fcber Folge 56 &#8211; Forschungskoordinator D\u00fcrrnberg\" tabindex=\"-1\" >\n\t\t\tWeiterlesen \u00bb\t\t<\/a>\n\n\t\t\t\t\t<\/div>\n\t\t\t\t<\/div>\n\t\t\t\t<\/article>\n\t\t\t\t<article class=\"elementor-post elementor-grid-item post-2781 post type-post status-publish format-standard has-post-thumbnail hentry category-im-museum category-an-der-ruhr-universitaet-bochum category-unterfreunden category-unteruns tag-abschied tag-deutsches-bergbau-museum-bochum tag-podcast tag-ruhr-universitaet-bochum tag-wisskomm\" role=\"listitem\">\n\t\t\t\t<a class=\"elementor-post__thumbnail__link\" href=\"https:\/\/unterirdis.ch\/wordpress\/2025\/08\/29\/folge-55-zwei-abschiede\/\" tabindex=\"-1\" >\n\t\t\t<div class=\"elementor-post__thumbnail\"><img decoding=\"async\" width=\"768\" height=\"210\" src=\"https:\/\/unterirdis.ch\/wp-content\/uploads\/2024\/12\/Header-Bsky-nummer-3-768x210.jpg\" class=\"attachment-medium_large size-medium_large wp-image-2613\" alt=\"\" srcset=\"https:\/\/unterirdis.ch\/wp-content\/uploads\/2024\/12\/Header-Bsky-nummer-3-768x210.jpg 768w, https:\/\/unterirdis.ch\/wp-content\/uploads\/2024\/12\/Header-Bsky-nummer-3-300x82.jpg 300w, https:\/\/unterirdis.ch\/wp-content\/uploads\/2024\/12\/Header-Bsky-nummer-3-1024x280.jpg 1024w, https:\/\/unterirdis.ch\/wp-content\/uploads\/2024\/12\/Header-Bsky-nummer-3.jpg 1235w\" sizes=\"(max-width: 768px) 100vw, 768px\" \/><\/div>\n\t\t<\/a>\n\t\t\t\t<div class=\"elementor-post__text\">\n\t\t\t\t<h3 class=\"elementor-post__title\">\n\t\t\t<a href=\"https:\/\/unterirdis.ch\/wordpress\/2025\/08\/29\/folge-55-zwei-abschiede\/\" >\n\t\t\t\tFolge 55 &#8211; Zwei Abschiede\t\t\t<\/a>\n\t\t<\/h3>\n\t\t\t\t<div class=\"elementor-post__meta-data\">\n\t\t\t\t\t<span class=\"elementor-post-date\">\n\t\t\t29. August 2025\t\t<\/span>\n\t\t\t\t<\/div>\n\t\t\t\t<div class=\"elementor-post__excerpt\">\n\t\t\t<p>Pia Weber-Schimerl Dominic Bachmann Heute hei\u00dft stehen zwei Abschiede bei uns an. Pia Weber-Schimerl und Dominic Bachmann verlassen die letzten beiden Erschaffer von Unterirdisch das Haus der Arch\u00e4ologien zum Monatsende.<\/p>\n\t\t<\/div>\n\t\t\t\t\t<div class=\"elementor-post__read-more-wrapper\">\n\t\t\n\t\t<a class=\"elementor-post__read-more\" href=\"https:\/\/unterirdis.ch\/wordpress\/2025\/08\/29\/folge-55-zwei-abschiede\/\" aria-label=\"Mehr \u00fcber Folge 55 &#8211; Zwei Abschiede\" tabindex=\"-1\" >\n\t\t\tWeiterlesen \u00bb\t\t<\/a>\n\n\t\t\t\t\t<\/div>\n\t\t\t\t<\/div>\n\t\t\t\t<\/article>\n\t\t\t\t<article class=\"elementor-post elementor-grid-item post-2789 post type-post status-publish format-standard has-post-thumbnail hentry category-im-museum tag-bergbau tag-deutsches-bergbau-museum-bochum tag-forschung tag-gold tag-montanarchaeologie\" role=\"listitem\">\n\t\t\t\t<a class=\"elementor-post__thumbnail__link\" href=\"https:\/\/unterirdis.ch\/wordpress\/2025\/08\/22\/auf-den-spuren-der-roemischen-goldgraeber-in-rumaenien\/\" tabindex=\"-1\" >\n\t\t\t<div class=\"elementor-post__thumbnail\"><img decoding=\"async\" width=\"768\" height=\"1152\" src=\"https:\/\/unterirdis.ch\/wp-content\/uploads\/2025\/08\/RO_Hanes_25_Arbeitsfoto-768x1152.jpg\" class=\"attachment-medium_large size-medium_large wp-image-2804\" alt=\"\" srcset=\"https:\/\/unterirdis.ch\/wp-content\/uploads\/2025\/08\/RO_Hanes_25_Arbeitsfoto-768x1152.jpg 768w, https:\/\/unterirdis.ch\/wp-content\/uploads\/2025\/08\/RO_Hanes_25_Arbeitsfoto-200x300.jpg 200w, https:\/\/unterirdis.ch\/wp-content\/uploads\/2025\/08\/RO_Hanes_25_Arbeitsfoto-683x1024.jpg 683w, https:\/\/unterirdis.ch\/wp-content\/uploads\/2025\/08\/RO_Hanes_25_Arbeitsfoto-1024x1536.jpg 1024w, https:\/\/unterirdis.ch\/wp-content\/uploads\/2025\/08\/RO_Hanes_25_Arbeitsfoto-1365x2048.jpg 1365w, https:\/\/unterirdis.ch\/wp-content\/uploads\/2025\/08\/RO_Hanes_25_Arbeitsfoto-scaled.jpg 1707w\" sizes=\"(max-width: 768px) 100vw, 768px\" \/><\/div>\n\t\t<\/a>\n\t\t\t\t<div class=\"elementor-post__text\">\n\t\t\t\t<h3 class=\"elementor-post__title\">\n\t\t\t<a href=\"https:\/\/unterirdis.ch\/wordpress\/2025\/08\/22\/auf-den-spuren-der-roemischen-goldgraeber-in-rumaenien\/\" >\n\t\t\t\tAuf den Spuren der r\u00f6mischen Goldgr\u00e4ber in Rum\u00e4nien\t\t\t<\/a>\n\t\t<\/h3>\n\t\t\t\t<div class=\"elementor-post__meta-data\">\n\t\t\t\t\t<span class=\"elementor-post-date\">\n\t\t\t22. August 2025\t\t<\/span>\n\t\t\t\t<\/div>\n\t\t\t\t<div class=\"elementor-post__excerpt\">\n\t\t\t<p>Projekt: Copper and Gold &#8211; Ancient Ore Mining in Transylvania von Gabriele K\u00f6rlin und Peter Thomas Wir befinden uns im Jahr 106 n. Chr. Ganz Dakien ist von den R\u00f6mern<\/p>\n\t\t<\/div>\n\t\t\t\t\t<div class=\"elementor-post__read-more-wrapper\">\n\t\t\n\t\t<a class=\"elementor-post__read-more\" href=\"https:\/\/unterirdis.ch\/wordpress\/2025\/08\/22\/auf-den-spuren-der-roemischen-goldgraeber-in-rumaenien\/\" aria-label=\"Mehr \u00fcber Auf den Spuren der r\u00f6mischen Goldgr\u00e4ber in Rum\u00e4nien\" tabindex=\"-1\" >\n\t\t\tWeiterlesen \u00bb\t\t<\/a>\n\n\t\t\t\t\t<\/div>\n\t\t\t\t<\/div>\n\t\t\t\t<\/article>\n\t\t\t\t<article class=\"elementor-post elementor-grid-item post-2757 post type-post status-publish format-standard has-post-thumbnail hentry category-im-museum\" role=\"listitem\">\n\t\t\t\t<a class=\"elementor-post__thumbnail__link\" href=\"https:\/\/unterirdis.ch\/wordpress\/2025\/06\/25\/frueher-kupferbergbau-in-suedwestserbien\/\" tabindex=\"-1\" >\n\t\t\t<div class=\"elementor-post__thumbnail\"><img loading=\"lazy\" decoding=\"async\" width=\"768\" height=\"694\" src=\"https:\/\/unterirdis.ch\/wp-content\/uploads\/2025\/06\/Screenshot-Paper-Fabian-768x694.png\" class=\"attachment-medium_large size-medium_large wp-image-2760\" alt=\"\" srcset=\"https:\/\/unterirdis.ch\/wp-content\/uploads\/2025\/06\/Screenshot-Paper-Fabian-768x694.png 768w, https:\/\/unterirdis.ch\/wp-content\/uploads\/2025\/06\/Screenshot-Paper-Fabian-300x271.png 300w, https:\/\/unterirdis.ch\/wp-content\/uploads\/2025\/06\/Screenshot-Paper-Fabian-1024x926.png 1024w, https:\/\/unterirdis.ch\/wp-content\/uploads\/2025\/06\/Screenshot-Paper-Fabian.png 1042w\" sizes=\"(max-width: 768px) 100vw, 768px\" \/><\/div>\n\t\t<\/a>\n\t\t\t\t<div class=\"elementor-post__text\">\n\t\t\t\t<h3 class=\"elementor-post__title\">\n\t\t\t<a href=\"https:\/\/unterirdis.ch\/wordpress\/2025\/06\/25\/frueher-kupferbergbau-in-suedwestserbien\/\" >\n\t\t\t\tFr\u00fcher Kupferbergbau in S\u00fcdwestserbien\t\t\t<\/a>\n\t\t<\/h3>\n\t\t\t\t<div class=\"elementor-post__meta-data\">\n\t\t\t\t\t<span class=\"elementor-post-date\">\n\t\t\t25. Juni 2025\t\t<\/span>\n\t\t\t\t<\/div>\n\t\t\t\t<div class=\"elementor-post__excerpt\">\n\t\t\t<p>Neue Studie zu \u010curak liefert wichtige Impulse f\u00fcr die Forschung zur Metallurgie im 4. Jahrtausend v. Chr. Eine aktuelle Studie liefert erste direkte Nachweise f\u00fcr Kupferbergbau am Fundort \u010curak in<\/p>\n\t\t<\/div>\n\t\t\t\t\t<div class=\"elementor-post__read-more-wrapper\">\n\t\t\n\t\t<a class=\"elementor-post__read-more\" href=\"https:\/\/unterirdis.ch\/wordpress\/2025\/06\/25\/frueher-kupferbergbau-in-suedwestserbien\/\" aria-label=\"Mehr \u00fcber Fr\u00fcher Kupferbergbau in S\u00fcdwestserbien\" tabindex=\"-1\" >\n\t\t\tWeiterlesen \u00bb\t\t<\/a>\n\n\t\t\t\t\t<\/div>\n\t\t\t\t<\/div>\n\t\t\t\t<\/article>\n\t\t\t\t<article class=\"elementor-post elementor-grid-item post-2724 post type-post status-publish format-standard has-post-thumbnail hentry category-im-museum\" role=\"listitem\">\n\t\t\t\t<a class=\"elementor-post__thumbnail__link\" href=\"https:\/\/unterirdis.ch\/wordpress\/2025\/04\/28\/neuerscheinung-blickpunkt-archaeologie\/\" tabindex=\"-1\" >\n\t\t\t<div class=\"elementor-post__thumbnail\"><img loading=\"lazy\" decoding=\"async\" width=\"768\" height=\"1086\" src=\"https:\/\/unterirdis.ch\/wp-content\/uploads\/2025\/04\/110378-Artikeltext-282121-1-10-20250408_Seite_1-768x1086.jpg\" class=\"attachment-medium_large size-medium_large wp-image-2726\" alt=\"\" srcset=\"https:\/\/unterirdis.ch\/wp-content\/uploads\/2025\/04\/110378-Artikeltext-282121-1-10-20250408_Seite_1-768x1086.jpg 768w, https:\/\/unterirdis.ch\/wp-content\/uploads\/2025\/04\/110378-Artikeltext-282121-1-10-20250408_Seite_1-212x300.jpg 212w, https:\/\/unterirdis.ch\/wp-content\/uploads\/2025\/04\/110378-Artikeltext-282121-1-10-20250408_Seite_1-724x1024.jpg 724w, https:\/\/unterirdis.ch\/wp-content\/uploads\/2025\/04\/110378-Artikeltext-282121-1-10-20250408_Seite_1-1086x1536.jpg 1086w, https:\/\/unterirdis.ch\/wp-content\/uploads\/2025\/04\/110378-Artikeltext-282121-1-10-20250408_Seite_1-1449x2048.jpg 1449w, https:\/\/unterirdis.ch\/wp-content\/uploads\/2025\/04\/110378-Artikeltext-282121-1-10-20250408_Seite_1-scaled.jpg 1811w\" sizes=\"(max-width: 768px) 100vw, 768px\" \/><\/div>\n\t\t<\/a>\n\t\t\t\t<div class=\"elementor-post__text\">\n\t\t\t\t<h3 class=\"elementor-post__title\">\n\t\t\t<a href=\"https:\/\/unterirdis.ch\/wordpress\/2025\/04\/28\/neuerscheinung-blickpunkt-archaeologie\/\" >\n\t\t\t\tNeuerscheinung: Blickpunkt Arch\u00e4ologie\t\t\t<\/a>\n\t\t<\/h3>\n\t\t\t\t<div class=\"elementor-post__meta-data\">\n\t\t\t\t\t<span class=\"elementor-post-date\">\n\t\t\t28. April 2025\t\t<\/span>\n\t\t\t\t<\/div>\n\t\t\t\t<div class=\"elementor-post__excerpt\">\n\t\t\t<p>Die neue Ausgabe der Zeitschrift Blickpunkt Arch\u00e4ologie des Deutschen Verbands f\u00fcr Arch\u00e4ologie ist erschienen \u2013 mit einem besonderen Fokus auf das Deutsche Bergbau-Museum Bochum und seine Forschung zur Montanarch\u00e4ologie. Die<\/p>\n\t\t<\/div>\n\t\t\t\t\t<div class=\"elementor-post__read-more-wrapper\">\n\t\t\n\t\t<a class=\"elementor-post__read-more\" href=\"https:\/\/unterirdis.ch\/wordpress\/2025\/04\/28\/neuerscheinung-blickpunkt-archaeologie\/\" aria-label=\"Mehr \u00fcber Neuerscheinung: Blickpunkt Arch\u00e4ologie\" tabindex=\"-1\" >\n\t\t\tWeiterlesen \u00bb\t\t<\/a>\n\n\t\t\t\t\t<\/div>\n\t\t\t\t<\/div>\n\t\t\t\t<\/article>\n\t\t\t\t<article class=\"elementor-post elementor-grid-item post-2713 post type-post status-publish format-standard has-post-thumbnail hentry category-im-museum category-deutschland category-unteruns\" role=\"listitem\">\n\t\t\t\t<a class=\"elementor-post__thumbnail__link\" href=\"https:\/\/unterirdis.ch\/wordpress\/2025\/04\/10\/der-letzte-seiner-art\/\" tabindex=\"-1\" >\n\t\t\t<div class=\"elementor-post__thumbnail\"><img loading=\"lazy\" decoding=\"async\" width=\"768\" height=\"512\" src=\"https:\/\/unterirdis.ch\/wp-content\/uploads\/2025\/04\/Titelbild-768x512.jpg\" class=\"attachment-medium_large size-medium_large wp-image-2716\" alt=\"\" srcset=\"https:\/\/unterirdis.ch\/wp-content\/uploads\/2025\/04\/Titelbild-768x512.jpg 768w, https:\/\/unterirdis.ch\/wp-content\/uploads\/2025\/04\/Titelbild-300x200.jpg 300w, https:\/\/unterirdis.ch\/wp-content\/uploads\/2025\/04\/Titelbild-1024x683.jpg 1024w, https:\/\/unterirdis.ch\/wp-content\/uploads\/2025\/04\/Titelbild-1536x1024.jpg 1536w, https:\/\/unterirdis.ch\/wp-content\/uploads\/2025\/04\/Titelbild-2048x1366.jpg 2048w\" sizes=\"(max-width: 768px) 100vw, 768px\" \/><\/div>\n\t\t<\/a>\n\t\t\t\t<div class=\"elementor-post__text\">\n\t\t\t\t<h3 class=\"elementor-post__title\">\n\t\t\t<a href=\"https:\/\/unterirdis.ch\/wordpress\/2025\/04\/10\/der-letzte-seiner-art\/\" >\n\t\t\t\tDer letzte seiner Art\t\t\t<\/a>\n\t\t<\/h3>\n\t\t\t\t<div class=\"elementor-post__meta-data\">\n\t\t\t\t\t<span class=\"elementor-post-date\">\n\t\t\t10. April 2025\t\t<\/span>\n\t\t\t\t<\/div>\n\t\t\t\t<div class=\"elementor-post__excerpt\">\n\t\t\t<p>Abschluss eines arch\u00e4ologischen Experimentes im LWL-Freilichtmuseum Hagen Nur selten mutet arch\u00e4ologische Forschung wie eine Zeitreise an. Denn zu lange sind die erforschten Ereignisse her oder zu wenig sind die wissenschaftlichen<\/p>\n\t\t<\/div>\n\t\t\t\t\t<div class=\"elementor-post__read-more-wrapper\">\n\t\t\n\t\t<a class=\"elementor-post__read-more\" href=\"https:\/\/unterirdis.ch\/wordpress\/2025\/04\/10\/der-letzte-seiner-art\/\" aria-label=\"Mehr \u00fcber Der letzte seiner Art\" tabindex=\"-1\" >\n\t\t\tWeiterlesen \u00bb\t\t<\/a>\n\n\t\t\t\t\t<\/div>\n\t\t\t\t<\/div>\n\t\t\t\t<\/article>\n\t\t\t\t<\/div>\n\t\t\n\t\t\t\t\t\t<\/div>\n\t\t\t\t<\/div>\n\t\t\t\t<div class=\"elementor-element elementor-element-e98f661 elementor-widget elementor-widget-spacer\" data-id=\"e98f661\" data-element_type=\"widget\" data-e-type=\"widget\" data-widget_type=\"spacer.default\">\n\t\t\t\t<div class=\"elementor-widget-container\">\n\t\t\t\t\t\t\t<div class=\"elementor-spacer\">\n\t\t\t<div class=\"elementor-spacer-inner\"><\/div>\n\t\t<\/div>\n\t\t\t\t\t\t<\/div>\n\t\t\t\t<\/div>\n\t\t\t\t<div class=\"elementor-element elementor-element-982ffad elementor-post-navigation-borders-yes elementor-widget elementor-widget-post-navigation\" data-id=\"982ffad\" data-element_type=\"widget\" data-e-type=\"widget\" data-widget_type=\"post-navigation.default\">\n\t\t\t\t<div class=\"elementor-widget-container\">\n\t\t\t\t\t\t\t<div class=\"elementor-post-navigation\" role=\"navigation\" aria-label=\"Beitrag Navigation\">\n\t\t\t<div class=\"elementor-post-navigation__prev elementor-post-navigation__link\">\n\t\t\t\t<a href=\"https:\/\/unterirdis.ch\/wordpress\/2025\/04\/04\/was-ist-terra-lid-eine-datenbank-fuer-bleiisotopendaten-aber-was-ist-das\/\" rel=\"prev\"><span class=\"post-navigation__arrow-wrapper post-navigation__arrow-prev\"><svg aria-hidden=\"true\" class=\"e-font-icon-svg e-fas-angle-left\" viewBox=\"0 0 256 512\" xmlns=\"http:\/\/www.w3.org\/2000\/svg\"><path d=\"M31.7 239l136-136c9.4-9.4 24.6-9.4 33.9 0l22.6 22.6c9.4 9.4 9.4 24.6 0 33.9L127.9 256l96.4 96.4c9.4 9.4 9.4 24.6 0 33.9L201.7 409c-9.4 9.4-24.6 9.4-33.9 0l-136-136c-9.5-9.4-9.5-24.6-.1-34z\"><\/path><\/svg><span class=\"elementor-screen-only\">Zur\u00fcck<\/span><\/span><span class=\"elementor-post-navigation__link__prev\"><span class=\"post-navigation__prev--label\">Voriger<\/span><span class=\"post-navigation__prev--title\">Was ist Terra LID?\u00a0 Eine Datenbank f\u00fcr Bleiisotopendaten\u2026 aber was ist das?<\/span><\/span><\/a>\t\t\t<\/div>\n\t\t\t\t\t\t\t<div class=\"elementor-post-navigation__separator-wrapper\">\n\t\t\t\t\t<div class=\"elementor-post-navigation__separator\"><\/div>\n\t\t\t\t<\/div>\n\t\t\t\t\t\t<div class=\"elementor-post-navigation__next elementor-post-navigation__link\">\n\t\t\t\t<a href=\"https:\/\/unterirdis.ch\/wordpress\/2025\/04\/28\/neuerscheinung-blickpunkt-archaeologie\/\" rel=\"next\"><span class=\"elementor-post-navigation__link__next\"><span class=\"post-navigation__next--label\">N\u00e4chster<\/span><span class=\"post-navigation__next--title\">Neuerscheinung: Blickpunkt Arch\u00e4ologie<\/span><\/span><span class=\"post-navigation__arrow-wrapper post-navigation__arrow-next\"><svg aria-hidden=\"true\" class=\"e-font-icon-svg e-fas-angle-right\" viewBox=\"0 0 256 512\" xmlns=\"http:\/\/www.w3.org\/2000\/svg\"><path d=\"M224.3 273l-136 136c-9.4 9.4-24.6 9.4-33.9 0l-22.6-22.6c-9.4-9.4-9.4-24.6 0-33.9l96.4-96.4-96.4-96.4c-9.4-9.4-9.4-24.6 0-33.9L54.3 103c9.4-9.4 24.6-9.4 33.9 0l136 136c9.5 9.4 9.5 24.6.1 34z\"><\/path><\/svg><span class=\"elementor-screen-only\">N\u00e4chster<\/span><\/span><\/a>\t\t\t<\/div>\n\t\t<\/div>\n\t\t\t\t\t\t<\/div>\n\t\t\t\t<\/div>\n\t\t\t\t\t<\/div>\n\t\t<\/div>\n\t\t\t\t\t<\/div>\n\t\t<\/section>\n\t\t\t\t<\/div>\n\t\t","protected":false},"excerpt":{"rendered":"<p>Kommen Sie mit Hinter die Kulissen unserer Arbeit. Wir nehmen Sie mit in unseren Alltag und berichten \u00fcber unsere Forschungen, Projekte und Ausstellungen. &#8230; an der Ruhr-Universit\u00e4t am Deutschen Bergbau-Museum [&hellip;]<\/p>\n","protected":false},"author":2,"featured_media":0,"parent":0,"menu_order":0,"comment_status":"closed","ping_status":"closed","template":"","meta":{"footnotes":""},"class_list":["post-927","page","type-page","status-publish","hentry"],"yoast_head":"<!-- This site is optimized with the Yoast SEO plugin v27.5 - https:\/\/yoast.com\/product\/yoast-seo-wordpress\/ -->\n<title>UnterUns am Deutschen Bergbau-Museum Bochum - unterIrdisch<\/title>\n<meta name=\"robots\" content=\"index, follow, max-snippet:-1, max-image-preview:large, max-video-preview:-1\" \/>\n<link rel=\"canonical\" href=\"https:\/\/unterirdis.ch\/wordpress\/am-deutschen-bergbau-museum-bochum\/\" \/>\n<meta property=\"og:locale\" content=\"de_DE\" \/>\n<meta property=\"og:type\" content=\"article\" \/>\n<meta property=\"og:title\" content=\"UnterUns am Deutschen Bergbau-Museum Bochum - unterIrdisch\" \/>\n<meta property=\"og:description\" content=\"Kommen Sie mit Hinter die Kulissen unserer Arbeit. Wir nehmen Sie mit in unseren Alltag und berichten \u00fcber unsere Forschungen, Projekte und Ausstellungen. &#8230; an der Ruhr-Universit\u00e4t am Deutschen Bergbau-Museum [&hellip;]\" \/>\n<meta property=\"og:url\" content=\"https:\/\/unterirdis.ch\/wordpress\/am-deutschen-bergbau-museum-bochum\/\" \/>\n<meta property=\"og:site_name\" content=\"unterIrdisch\" \/>\n<meta property=\"article:modified_time\" content=\"2022-07-29T08:58:14+00:00\" \/>\n<meta property=\"og:image\" content=\"https:\/\/unterirdis.ch\/wp-content\/uploads\/2023\/05\/fallback.webp\" \/>\n\t<meta property=\"og:image:width\" content=\"1200\" \/>\n\t<meta property=\"og:image:height\" content=\"675\" \/>\n\t<meta property=\"og:image:type\" content=\"image\/webp\" \/>\n<meta name=\"twitter:card\" content=\"summary_large_image\" \/>\n<meta name=\"twitter:site\" content=\"@unterirdis_ch\" \/>\n<meta name=\"twitter:label1\" content=\"Gesch\u00e4tzte Lesezeit\" \/>\n\t<meta name=\"twitter:data1\" content=\"3\u00a0Minuten\" \/>\n<script type=\"application\/ld+json\" class=\"yoast-schema-graph\">{\"@context\":\"https:\\\/\\\/schema.org\",\"@graph\":[{\"@type\":\"WebPage\",\"@id\":\"https:\\\/\\\/unterirdis.ch\\\/wordpress\\\/am-deutschen-bergbau-museum-bochum\\\/\",\"url\":\"https:\\\/\\\/unterirdis.ch\\\/wordpress\\\/am-deutschen-bergbau-museum-bochum\\\/\",\"name\":\"UnterUns am Deutschen Bergbau-Museum Bochum - unterIrdisch\",\"isPartOf\":{\"@id\":\"https:\\\/\\\/unterirdis.ch\\\/wordpress\\\/#website\"},\"datePublished\":\"2022-07-26T15:58:59+00:00\",\"dateModified\":\"2022-07-29T08:58:14+00:00\",\"breadcrumb\":{\"@id\":\"https:\\\/\\\/unterirdis.ch\\\/wordpress\\\/am-deutschen-bergbau-museum-bochum\\\/#breadcrumb\"},\"inLanguage\":\"de\",\"potentialAction\":[{\"@type\":\"ReadAction\",\"target\":[\"https:\\\/\\\/unterirdis.ch\\\/wordpress\\\/am-deutschen-bergbau-museum-bochum\\\/\"]}]},{\"@type\":\"BreadcrumbList\",\"@id\":\"https:\\\/\\\/unterirdis.ch\\\/wordpress\\\/am-deutschen-bergbau-museum-bochum\\\/#breadcrumb\",\"itemListElement\":[{\"@type\":\"ListItem\",\"position\":1,\"name\":\"Startseite\",\"item\":\"https:\\\/\\\/unterirdis.ch\\\/wordpress\\\/\"},{\"@type\":\"ListItem\",\"position\":2,\"name\":\"UnterUns am Deutschen Bergbau-Museum Bochum\"}]},{\"@type\":\"WebSite\",\"@id\":\"https:\\\/\\\/unterirdis.ch\\\/wordpress\\\/#website\",\"url\":\"https:\\\/\\\/unterirdis.ch\\\/wordpress\\\/\",\"name\":\"unterIrdisch - der Science-Blog aus dem Haus der Arch\u00e4ologien\",\"description\":\"der Science-Blog aus dem Haus der Arch\u00e4ologien\",\"publisher\":{\"@id\":\"https:\\\/\\\/unterirdis.ch\\\/wordpress\\\/#organization\"},\"alternateName\":\"unterIrdisch\",\"potentialAction\":[{\"@type\":\"SearchAction\",\"target\":{\"@type\":\"EntryPoint\",\"urlTemplate\":\"https:\\\/\\\/unterirdis.ch\\\/wordpress\\\/?s={search_term_string}\"},\"query-input\":{\"@type\":\"PropertyValueSpecification\",\"valueRequired\":true,\"valueName\":\"search_term_string\"}}],\"inLanguage\":\"de\"},{\"@type\":\"Organization\",\"@id\":\"https:\\\/\\\/unterirdis.ch\\\/wordpress\\\/#organization\",\"name\":\"unterIrdisch - der Science-Blog aus dem Haus der Arch\u00e4ologien\",\"alternateName\":\"unterIrdisch\",\"url\":\"https:\\\/\\\/unterirdis.ch\\\/wordpress\\\/\",\"logo\":{\"@type\":\"ImageObject\",\"inLanguage\":\"de\",\"@id\":\"https:\\\/\\\/unterirdis.ch\\\/wordpress\\\/#\\\/schema\\\/logo\\\/image\\\/\",\"url\":\"https:\\\/\\\/unterirdis.ch\\\/wp-content\\\/uploads\\\/2022\\\/03\\\/logo_3000p-scaled.jpg\",\"contentUrl\":\"https:\\\/\\\/unterirdis.ch\\\/wp-content\\\/uploads\\\/2022\\\/03\\\/logo_3000p-scaled.jpg\",\"width\":2560,\"height\":2560,\"caption\":\"unterIrdisch - der Science-Blog aus dem Haus der Arch\u00e4ologien\"},\"image\":{\"@id\":\"https:\\\/\\\/unterirdis.ch\\\/wordpress\\\/#\\\/schema\\\/logo\\\/image\\\/\"},\"sameAs\":[\"https:\\\/\\\/x.com\\\/unterirdis_ch\",\"https:\\\/\\\/instagram.com\\\/unterirdis.ch\",\"https:\\\/\\\/www.youtube.com\\\/channel\\\/UCWj0o58Zp9pOrkbG3Xh2C4Q\"]}]}<\/script>\n<!-- \/ Yoast SEO plugin. -->","yoast_head_json":{"title":"UnterUns am Deutschen Bergbau-Museum Bochum - unterIrdisch","robots":{"index":"index","follow":"follow","max-snippet":"max-snippet:-1","max-image-preview":"max-image-preview:large","max-video-preview":"max-video-preview:-1"},"canonical":"https:\/\/unterirdis.ch\/wordpress\/am-deutschen-bergbau-museum-bochum\/","og_locale":"de_DE","og_type":"article","og_title":"UnterUns am Deutschen Bergbau-Museum Bochum - unterIrdisch","og_description":"Kommen Sie mit Hinter die Kulissen unserer Arbeit. Wir nehmen Sie mit in unseren Alltag und berichten \u00fcber unsere Forschungen, Projekte und Ausstellungen. &#8230; an der Ruhr-Universit\u00e4t am Deutschen Bergbau-Museum [&hellip;]","og_url":"https:\/\/unterirdis.ch\/wordpress\/am-deutschen-bergbau-museum-bochum\/","og_site_name":"unterIrdisch","article_modified_time":"2022-07-29T08:58:14+00:00","og_image":[{"width":1200,"height":675,"url":"https:\/\/unterirdis.ch\/wp-content\/uploads\/2023\/05\/fallback.webp","type":"image\/webp"}],"twitter_card":"summary_large_image","twitter_site":"@unterirdis_ch","twitter_misc":{"Gesch\u00e4tzte Lesezeit":"3\u00a0Minuten"},"schema":{"@context":"https:\/\/schema.org","@graph":[{"@type":"WebPage","@id":"https:\/\/unterirdis.ch\/wordpress\/am-deutschen-bergbau-museum-bochum\/","url":"https:\/\/unterirdis.ch\/wordpress\/am-deutschen-bergbau-museum-bochum\/","name":"UnterUns am Deutschen Bergbau-Museum Bochum - unterIrdisch","isPartOf":{"@id":"https:\/\/unterirdis.ch\/wordpress\/#website"},"datePublished":"2022-07-26T15:58:59+00:00","dateModified":"2022-07-29T08:58:14+00:00","breadcrumb":{"@id":"https:\/\/unterirdis.ch\/wordpress\/am-deutschen-bergbau-museum-bochum\/#breadcrumb"},"inLanguage":"de","potentialAction":[{"@type":"ReadAction","target":["https:\/\/unterirdis.ch\/wordpress\/am-deutschen-bergbau-museum-bochum\/"]}]},{"@type":"BreadcrumbList","@id":"https:\/\/unterirdis.ch\/wordpress\/am-deutschen-bergbau-museum-bochum\/#breadcrumb","itemListElement":[{"@type":"ListItem","position":1,"name":"Startseite","item":"https:\/\/unterirdis.ch\/wordpress\/"},{"@type":"ListItem","position":2,"name":"UnterUns am Deutschen Bergbau-Museum Bochum"}]},{"@type":"WebSite","@id":"https:\/\/unterirdis.ch\/wordpress\/#website","url":"https:\/\/unterirdis.ch\/wordpress\/","name":"unterIrdisch - der Science-Blog aus dem Haus der Arch\u00e4ologien","description":"der Science-Blog aus dem Haus der Arch\u00e4ologien","publisher":{"@id":"https:\/\/unterirdis.ch\/wordpress\/#organization"},"alternateName":"unterIrdisch","potentialAction":[{"@type":"SearchAction","target":{"@type":"EntryPoint","urlTemplate":"https:\/\/unterirdis.ch\/wordpress\/?s={search_term_string}"},"query-input":{"@type":"PropertyValueSpecification","valueRequired":true,"valueName":"search_term_string"}}],"inLanguage":"de"},{"@type":"Organization","@id":"https:\/\/unterirdis.ch\/wordpress\/#organization","name":"unterIrdisch - der Science-Blog aus dem Haus der Arch\u00e4ologien","alternateName":"unterIrdisch","url":"https:\/\/unterirdis.ch\/wordpress\/","logo":{"@type":"ImageObject","inLanguage":"de","@id":"https:\/\/unterirdis.ch\/wordpress\/#\/schema\/logo\/image\/","url":"https:\/\/unterirdis.ch\/wp-content\/uploads\/2022\/03\/logo_3000p-scaled.jpg","contentUrl":"https:\/\/unterirdis.ch\/wp-content\/uploads\/2022\/03\/logo_3000p-scaled.jpg","width":2560,"height":2560,"caption":"unterIrdisch - der Science-Blog aus dem Haus der Arch\u00e4ologien"},"image":{"@id":"https:\/\/unterirdis.ch\/wordpress\/#\/schema\/logo\/image\/"},"sameAs":["https:\/\/x.com\/unterirdis_ch","https:\/\/instagram.com\/unterirdis.ch","https:\/\/www.youtube.com\/channel\/UCWj0o58Zp9pOrkbG3Xh2C4Q"]}]}},"_links":{"self":[{"href":"https:\/\/unterirdis.ch\/wordpress\/wp-json\/wp\/v2\/pages\/927","targetHints":{"allow":["GET"]}}],"collection":[{"href":"https:\/\/unterirdis.ch\/wordpress\/wp-json\/wp\/v2\/pages"}],"about":[{"href":"https:\/\/unterirdis.ch\/wordpress\/wp-json\/wp\/v2\/types\/page"}],"author":[{"embeddable":true,"href":"https:\/\/unterirdis.ch\/wordpress\/wp-json\/wp\/v2\/users\/2"}],"replies":[{"embeddable":true,"href":"https:\/\/unterirdis.ch\/wordpress\/wp-json\/wp\/v2\/comments?post=927"}],"version-history":[{"count":0,"href":"https:\/\/unterirdis.ch\/wordpress\/wp-json\/wp\/v2\/pages\/927\/revisions"}],"wp:attachment":[{"href":"https:\/\/unterirdis.ch\/wordpress\/wp-json\/wp\/v2\/media?parent=927"}],"curies":[{"name":"wp","href":"https:\/\/api.w.org\/{rel}","templated":true}]}}