{"id":375,"date":"2022-07-26T11:14:24","date_gmt":"2022-07-26T09:14:24","guid":{"rendered":"https:\/\/unterirdis.ch\/wordpress\/?page_id=375"},"modified":"2022-07-26T17:22:58","modified_gmt":"2022-07-26T15:22:58","slug":"in-den-medien","status":"publish","type":"page","link":"https:\/\/unterirdis.ch\/wordpress\/in-den-medien\/","title":{"rendered":"In den Medien"},"content":{"rendered":"\t\t<div data-elementor-type=\"wp-page\" data-elementor-id=\"375\" class=\"elementor elementor-375\" data-elementor-post-type=\"page\">\n\t\t\t\t\t\t<section class=\"elementor-section elementor-top-section elementor-element elementor-element-8900f0d elementor-section-boxed elementor-section-height-default elementor-section-height-default\" data-id=\"8900f0d\" data-element_type=\"section\" data-e-type=\"section\">\n\t\t\t\t\t\t<div class=\"elementor-container elementor-column-gap-default\">\n\t\t\t\t\t<div class=\"elementor-column elementor-col-50 elementor-top-column elementor-element elementor-element-f24a3de\" data-id=\"f24a3de\" data-element_type=\"column\" data-e-type=\"column\">\n\t\t\t<div class=\"elementor-widget-wrap elementor-element-populated\">\n\t\t\t\t\t\t<div class=\"elementor-element elementor-element-d7c6bea elementor-widget elementor-widget-text-editor\" data-id=\"d7c6bea\" data-element_type=\"widget\" data-e-type=\"widget\" data-widget_type=\"text-editor.default\">\n\t\t\t\t<div class=\"elementor-widget-container\">\n\t\t\t\t\t\t\t\t\t<p>Arch\u00e4ologie in den Medien? Na klar! Hier schreiben wir \u00fcber aktuelle Filme, Dokumentationen, Spiele und alles, was uns sonst unter die Nase kommt.\u00a0<\/p><p>Hier erfahrt ihr auch, wenn wir in Film, Fernsehen und Radio unterwegs waren.\u00a0<\/p>\t\t\t\t\t\t\t\t<\/div>\n\t\t\t\t<\/div>\n\t\t\t\t\t<\/div>\n\t\t<\/div>\n\t\t\t\t<div class=\"elementor-column elementor-col-50 elementor-top-column elementor-element elementor-element-6ebf8c2\" data-id=\"6ebf8c2\" data-element_type=\"column\" data-e-type=\"column\">\n\t\t\t<div class=\"elementor-widget-wrap\">\n\t\t\t\t\t\t\t<\/div>\n\t\t<\/div>\n\t\t\t\t\t<\/div>\n\t\t<\/section>\n\t\t\t\t<section class=\"elementor-section elementor-top-section elementor-element elementor-element-1618c32 elementor-section-boxed elementor-section-height-default elementor-section-height-default\" data-id=\"1618c32\" data-element_type=\"section\" data-e-type=\"section\">\n\t\t\t\t\t\t<div class=\"elementor-container elementor-column-gap-default\">\n\t\t\t\t\t<div class=\"elementor-column elementor-col-100 elementor-top-column elementor-element elementor-element-0f9f7c9\" data-id=\"0f9f7c9\" data-element_type=\"column\" data-e-type=\"column\">\n\t\t\t<div class=\"elementor-widget-wrap elementor-element-populated\">\n\t\t\t\t\t\t<div class=\"elementor-element elementor-element-1d26620 elementor-grid-3 elementor-grid-tablet-2 elementor-grid-mobile-1 elementor-posts--thumbnail-top load-more-align-center elementor-widget elementor-widget-posts\" data-id=\"1d26620\" data-element_type=\"widget\" data-e-type=\"widget\" data-settings=\"{&quot;pagination_type&quot;:&quot;load_more_on_click&quot;,&quot;classic_columns&quot;:&quot;3&quot;,&quot;classic_columns_tablet&quot;:&quot;2&quot;,&quot;classic_columns_mobile&quot;:&quot;1&quot;,&quot;classic_row_gap&quot;:{&quot;unit&quot;:&quot;px&quot;,&quot;size&quot;:35,&quot;sizes&quot;:[]},&quot;classic_row_gap_tablet&quot;:{&quot;unit&quot;:&quot;px&quot;,&quot;size&quot;:&quot;&quot;,&quot;sizes&quot;:[]},&quot;classic_row_gap_mobile&quot;:{&quot;unit&quot;:&quot;px&quot;,&quot;size&quot;:&quot;&quot;,&quot;sizes&quot;:[]},&quot;load_more_spinner&quot;:{&quot;value&quot;:&quot;fas fa-spinner&quot;,&quot;library&quot;:&quot;fa-solid&quot;}}\" data-widget_type=\"posts.classic\">\n\t\t\t\t<div class=\"elementor-widget-container\">\n\t\t\t\t\t\t\t<div class=\"elementor-posts-container elementor-posts elementor-posts--skin-classic elementor-grid\" role=\"list\">\n\t\t\t\t<article class=\"elementor-post elementor-grid-item post-2604 post type-post status-publish format-standard has-post-thumbnail hentry category-deutschland category-in-den-medien category-unterfreunden tag-arte tag-deutsches-bergbau-museum-bochum tag-forschung tag-haus-der-archaeologien tag-karelien tag-keramik tag-podcast tag-ruhr-universitaet-bochum tag-wisskomm tag-zu-tisch\" role=\"listitem\">\n\t\t\t\t<a class=\"elementor-post__thumbnail__link\" href=\"https:\/\/unterirdis.ch\/wordpress\/2024\/12\/20\/folge-48-milchkeramik\/\" tabindex=\"-1\" >\n\t\t\t<div class=\"elementor-post__thumbnail\"><img fetchpriority=\"high\" decoding=\"async\" width=\"768\" height=\"768\" src=\"https:\/\/unterirdis.ch\/wp-content\/uploads\/2024\/12\/Keramikexperiment-768x768.jpg\" class=\"attachment-medium_large size-medium_large wp-image-2606\" alt=\"\" srcset=\"https:\/\/unterirdis.ch\/wp-content\/uploads\/2024\/12\/Keramikexperiment-768x768.jpg 768w, https:\/\/unterirdis.ch\/wp-content\/uploads\/2024\/12\/Keramikexperiment-300x300.jpg 300w, https:\/\/unterirdis.ch\/wp-content\/uploads\/2024\/12\/Keramikexperiment-1024x1024.jpg 1024w, https:\/\/unterirdis.ch\/wp-content\/uploads\/2024\/12\/Keramikexperiment-150x150.jpg 150w, https:\/\/unterirdis.ch\/wp-content\/uploads\/2024\/12\/Keramikexperiment-1536x1536.jpg 1536w, https:\/\/unterirdis.ch\/wp-content\/uploads\/2024\/12\/Keramikexperiment-2048x2048.jpg 2048w\" sizes=\"(max-width: 768px) 100vw, 768px\" \/><\/div>\n\t\t<\/a>\n\t\t\t\t<div class=\"elementor-post__text\">\n\t\t\t\t<h3 class=\"elementor-post__title\">\n\t\t\t<a href=\"https:\/\/unterirdis.ch\/wordpress\/2024\/12\/20\/folge-48-milchkeramik\/\" >\n\t\t\t\tFolge 48 &#8211; Milchkeramik\t\t\t<\/a>\n\t\t<\/h3>\n\t\t\t\t<div class=\"elementor-post__meta-data\">\n\t\t\t\t\t<span class=\"elementor-post-date\">\n\t\t\t20. Dezember 2024\t\t<\/span>\n\t\t\t\t<\/div>\n\t\t\t\t<div class=\"elementor-post__excerpt\">\n\t\t\t<p>In der ersten Experimentreihe konnte noch kein schwarzer \u00dcberzug erzeugt werden, eine Mail sp\u00e4ter war auch klar warum. (Foto: D. Bachmann) &#8222;Wie kommt ihr eigentlich auf eure Forschungsfragen?&#8220;&nbsp; ist eine<\/p>\n\t\t<\/div>\n\t\t\n\t\t<a class=\"elementor-post__read-more\" href=\"https:\/\/unterirdis.ch\/wordpress\/2024\/12\/20\/folge-48-milchkeramik\/\" aria-label=\"Mehr \u00fcber Folge 48 &#8211; Milchkeramik\" tabindex=\"-1\" >\n\t\t\tWeiterlesen \u00bb\t\t<\/a>\n\n\t\t\t\t<\/div>\n\t\t\t\t<\/article>\n\t\t\t\t<article class=\"elementor-post elementor-grid-item post-2049 post type-post status-publish format-standard has-post-thumbnail hentry category-in-den-medien tag-bronzezeit tag-deutsches-bergbau-museum-bochum tag-fernsehen tag-forschung tag-montanarchaeologie tag-ruhr-universitaet-bochum tag-zdf-doku\" role=\"listitem\">\n\t\t\t\t<a class=\"elementor-post__thumbnail__link\" href=\"https:\/\/unterirdis.ch\/wordpress\/2023\/12\/21\/das-mitterbergprojekt-im-fernsehen\/\" tabindex=\"-1\" >\n\t\t\t<div class=\"elementor-post__thumbnail\"><img decoding=\"async\" width=\"768\" height=\"480\" src=\"https:\/\/unterirdis.ch\/wp-content\/uploads\/2023\/12\/Mitterberg-im-Fernsehen-768x480.jpg\" class=\"attachment-medium_large size-medium_large wp-image-2050\" alt=\"Screenshot aus der Dokumentation Natur macht Geschichte: Erde. Zu sehen ist Thomas St\u00f6llner in Petrolfarbenem Overal, Helm und Grubenlampe, der in einem Stollen sitzt.\" srcset=\"https:\/\/unterirdis.ch\/wp-content\/uploads\/2023\/12\/Mitterberg-im-Fernsehen-768x480.jpg 768w, https:\/\/unterirdis.ch\/wp-content\/uploads\/2023\/12\/Mitterberg-im-Fernsehen-300x188.jpg 300w, https:\/\/unterirdis.ch\/wp-content\/uploads\/2023\/12\/Mitterberg-im-Fernsehen-1024x640.jpg 1024w, https:\/\/unterirdis.ch\/wp-content\/uploads\/2023\/12\/Mitterberg-im-Fernsehen-1536x960.jpg 1536w, https:\/\/unterirdis.ch\/wp-content\/uploads\/2023\/12\/Mitterberg-im-Fernsehen.jpg 1920w\" sizes=\"(max-width: 768px) 100vw, 768px\" \/><\/div>\n\t\t<\/a>\n\t\t\t\t<div class=\"elementor-post__text\">\n\t\t\t\t<h3 class=\"elementor-post__title\">\n\t\t\t<a href=\"https:\/\/unterirdis.ch\/wordpress\/2023\/12\/21\/das-mitterbergprojekt-im-fernsehen\/\" >\n\t\t\t\tDas Mitterbergprojekt im Fernsehen\t\t\t<\/a>\n\t\t<\/h3>\n\t\t\t\t<div class=\"elementor-post__meta-data\">\n\t\t\t\t\t<span class=\"elementor-post-date\">\n\t\t\t21. Dezember 2023\t\t<\/span>\n\t\t\t\t<\/div>\n\t\t\t\t<div class=\"elementor-post__excerpt\">\n\t\t\t<p>Thomas St\u00f6llner im Interview mit dem ZDF. Natur macht Geschichte: ErdeDirekt zur Episode Direkt nach Weihnachten zeigt ZDF-Info am 27.12. von 14:10Uhr an die Dokureihe &#8222;Natur macht Geschichte&#8220;. In der<\/p>\n\t\t<\/div>\n\t\t\n\t\t<a class=\"elementor-post__read-more\" href=\"https:\/\/unterirdis.ch\/wordpress\/2023\/12\/21\/das-mitterbergprojekt-im-fernsehen\/\" aria-label=\"Mehr \u00fcber Das Mitterbergprojekt im Fernsehen\" tabindex=\"-1\" >\n\t\t\tWeiterlesen \u00bb\t\t<\/a>\n\n\t\t\t\t<\/div>\n\t\t\t\t<\/article>\n\t\t\t\t<article class=\"elementor-post elementor-grid-item post-1859 post type-post status-publish format-standard has-post-thumbnail hentry category-an-der-ruhr-universitaet-bochum category-in-den-medien category-unteruns\" role=\"listitem\">\n\t\t\t\t<a class=\"elementor-post__thumbnail__link\" href=\"https:\/\/unterirdis.ch\/wordpress\/2023\/07\/10\/neuerscheinung-siedlungsdynamische-prozesse-der-eisenzeit-im-braunkohlerevier-inden-weisweiler\/\" tabindex=\"-1\" >\n\t\t\t<div class=\"elementor-post__thumbnail\"><img decoding=\"async\" width=\"768\" height=\"1086\" src=\"https:\/\/unterirdis.ch\/wp-content\/uploads\/2023\/07\/Siedlungsdynamische-Prozesse_Cover-768x1086.jpg\" class=\"attachment-medium_large size-medium_large wp-image-1865\" alt=\"\" srcset=\"https:\/\/unterirdis.ch\/wp-content\/uploads\/2023\/07\/Siedlungsdynamische-Prozesse_Cover-768x1086.jpg 768w, https:\/\/unterirdis.ch\/wp-content\/uploads\/2023\/07\/Siedlungsdynamische-Prozesse_Cover-212x300.jpg 212w, https:\/\/unterirdis.ch\/wp-content\/uploads\/2023\/07\/Siedlungsdynamische-Prozesse_Cover-724x1024.jpg 724w, https:\/\/unterirdis.ch\/wp-content\/uploads\/2023\/07\/Siedlungsdynamische-Prozesse_Cover-1086x1536.jpg 1086w, https:\/\/unterirdis.ch\/wp-content\/uploads\/2023\/07\/Siedlungsdynamische-Prozesse_Cover-1448x2048.jpg 1448w, https:\/\/unterirdis.ch\/wp-content\/uploads\/2023\/07\/Siedlungsdynamische-Prozesse_Cover-scaled.jpg 1810w\" sizes=\"(max-width: 768px) 100vw, 768px\" \/><\/div>\n\t\t<\/a>\n\t\t\t\t<div class=\"elementor-post__text\">\n\t\t\t\t<h3 class=\"elementor-post__title\">\n\t\t\t<a href=\"https:\/\/unterirdis.ch\/wordpress\/2023\/07\/10\/neuerscheinung-siedlungsdynamische-prozesse-der-eisenzeit-im-braunkohlerevier-inden-weisweiler\/\" >\n\t\t\t\tNeuerscheinung: Siedlungsdynamische Prozesse der Eisenzeit im Braunkohlerevier Inden-Weisweiler\t\t\t<\/a>\n\t\t<\/h3>\n\t\t\t\t<div class=\"elementor-post__meta-data\">\n\t\t\t\t\t<span class=\"elementor-post-date\">\n\t\t\t10. Juli 2023\t\t<\/span>\n\t\t\t\t<\/div>\n\t\t\t\t<div class=\"elementor-post__excerpt\">\n\t\t\t<p>Sandra Peternek: Siedlungsdynamische Prozesse der Eisenzeit im Braunkohlerevier Inden-Weisweiler. Neuinterpretation einer Siedlungslandschaft im Rheinischen Braunkohlerevier Was ist eine Siedlung? Mit dieser Fragestellung besch\u00e4ftigte sich Frau Dr. Peternek in Ihrer Dissertation,<\/p>\n\t\t<\/div>\n\t\t\n\t\t<a class=\"elementor-post__read-more\" href=\"https:\/\/unterirdis.ch\/wordpress\/2023\/07\/10\/neuerscheinung-siedlungsdynamische-prozesse-der-eisenzeit-im-braunkohlerevier-inden-weisweiler\/\" aria-label=\"Mehr \u00fcber Neuerscheinung: Siedlungsdynamische Prozesse der Eisenzeit im Braunkohlerevier Inden-Weisweiler\" tabindex=\"-1\" >\n\t\t\tWeiterlesen \u00bb\t\t<\/a>\n\n\t\t\t\t<\/div>\n\t\t\t\t<\/article>\n\t\t\t\t<article class=\"elementor-post elementor-grid-item post-1596 post type-post status-publish format-standard has-post-thumbnail hentry category-im-museum category-georgien category-in-den-medien\" role=\"listitem\">\n\t\t\t\t<a class=\"elementor-post__thumbnail__link\" href=\"https:\/\/unterirdis.ch\/wordpress\/2023\/02\/11\/gold-schmuck-der-koenige-und-goetter\/\" tabindex=\"-1\" >\n\t\t\t<div class=\"elementor-post__thumbnail\"><img loading=\"lazy\" decoding=\"async\" width=\"768\" height=\"432\" src=\"https:\/\/unterirdis.ch\/wp-content\/uploads\/2023\/02\/63c5fd111f90600008790975-768x432.jpg\" class=\"attachment-medium_large size-medium_large wp-image-1606\" alt=\"\" srcset=\"https:\/\/unterirdis.ch\/wp-content\/uploads\/2023\/02\/63c5fd111f90600008790975-768x432.jpg 768w, https:\/\/unterirdis.ch\/wp-content\/uploads\/2023\/02\/63c5fd111f90600008790975-300x169.jpg 300w, https:\/\/unterirdis.ch\/wp-content\/uploads\/2023\/02\/63c5fd111f90600008790975.jpg 960w\" sizes=\"(max-width: 768px) 100vw, 768px\" \/><\/div>\n\t\t<\/a>\n\t\t\t\t<div class=\"elementor-post__text\">\n\t\t\t\t<h3 class=\"elementor-post__title\">\n\t\t\t<a href=\"https:\/\/unterirdis.ch\/wordpress\/2023\/02\/11\/gold-schmuck-der-koenige-und-goetter\/\" >\n\t\t\t\tGold &#8211; Schmuck der K\u00f6nige und G\u00f6tter\t\t\t<\/a>\n\t\t<\/h3>\n\t\t\t\t<div class=\"elementor-post__meta-data\">\n\t\t\t\t\t<span class=\"elementor-post-date\">\n\t\t\t11. Februar 2023\t\t<\/span>\n\t\t\t\t<\/div>\n\t\t\t\t<div class=\"elementor-post__excerpt\">\n\t\t\t<p>Sendehinweis! Sender: Arte Datum: Samstag, 18.02.23; 20:15 &#8211; 21:05 Uhr UND\u00a0 Samstag, 18.02.23; 21:05 &#8211; 22:00 Uhr \u00a0Die ganze Dokumentation zum Nachschauen findet ihr bei ARTE. Seit Jahrtausenden ist Gold<\/p>\n\t\t<\/div>\n\t\t\n\t\t<a class=\"elementor-post__read-more\" href=\"https:\/\/unterirdis.ch\/wordpress\/2023\/02\/11\/gold-schmuck-der-koenige-und-goetter\/\" aria-label=\"Mehr \u00fcber Gold &#8211; Schmuck der K\u00f6nige und G\u00f6tter\" tabindex=\"-1\" >\n\t\t\tWeiterlesen \u00bb\t\t<\/a>\n\n\t\t\t\t<\/div>\n\t\t\t\t<\/article>\n\t\t\t\t<article class=\"elementor-post elementor-grid-item post-1111 post type-post status-publish format-standard has-post-thumbnail hentry category-im-museum category-in-den-medien category-unteruns\" role=\"listitem\">\n\t\t\t\t<a class=\"elementor-post__thumbnail__link\" href=\"https:\/\/unterirdis.ch\/wordpress\/2022\/08\/10\/die-kelten-kommen\/\" tabindex=\"-1\" >\n\t\t\t<div class=\"elementor-post__thumbnail\"><img loading=\"lazy\" decoding=\"async\" width=\"768\" height=\"464\" src=\"https:\/\/unterirdis.ch\/wp-content\/uploads\/2022\/08\/Die-Ketlten-Kommen_Trailer-1-Titelbild-768x464.jpg\" class=\"attachment-medium_large size-medium_large wp-image-1134\" alt=\"\" srcset=\"https:\/\/unterirdis.ch\/wp-content\/uploads\/2022\/08\/Die-Ketlten-Kommen_Trailer-1-Titelbild-768x464.jpg 768w, https:\/\/unterirdis.ch\/wp-content\/uploads\/2022\/08\/Die-Ketlten-Kommen_Trailer-1-Titelbild-300x181.jpg 300w, https:\/\/unterirdis.ch\/wp-content\/uploads\/2022\/08\/Die-Ketlten-Kommen_Trailer-1-Titelbild-1024x618.jpg 1024w, https:\/\/unterirdis.ch\/wp-content\/uploads\/2022\/08\/Die-Ketlten-Kommen_Trailer-1-Titelbild-1536x927.jpg 1536w, https:\/\/unterirdis.ch\/wp-content\/uploads\/2022\/08\/Die-Ketlten-Kommen_Trailer-1-Titelbild.jpg 1781w\" sizes=\"(max-width: 768px) 100vw, 768px\" \/><\/div>\n\t\t<\/a>\n\t\t\t\t<div class=\"elementor-post__text\">\n\t\t\t\t<h3 class=\"elementor-post__title\">\n\t\t\t<a href=\"https:\/\/unterirdis.ch\/wordpress\/2022\/08\/10\/die-kelten-kommen\/\" >\n\t\t\t\tDie Kelten kommen\t\t\t<\/a>\n\t\t<\/h3>\n\t\t\t\t<div class=\"elementor-post__meta-data\">\n\t\t\t\t\t<span class=\"elementor-post-date\">\n\t\t\t10. August 2022\t\t<\/span>\n\t\t\t\t<\/div>\n\t\t\t\t<div class=\"elementor-post__excerpt\">\n\t\t\t<p>https:\/\/youtu.be\/EPbrSZGhpjgSchon l\u00e4nger ist dank arch\u00e4ologischen Forschungen bekannt, dass das Siegerland im S\u00fcden Nordrhein-Westfalens eine Sonderstellung in der Eisenzeit innehatte: Hier rauchten tausende der gr\u00f6\u00dften Verh\u00fcttungs\u00f6fen ihrer Zeit in Europa, hier<\/p>\n\t\t<\/div>\n\t\t\n\t\t<a class=\"elementor-post__read-more\" href=\"https:\/\/unterirdis.ch\/wordpress\/2022\/08\/10\/die-kelten-kommen\/\" aria-label=\"Mehr \u00fcber Die Kelten kommen\" tabindex=\"-1\" >\n\t\t\tWeiterlesen \u00bb\t\t<\/a>\n\n\t\t\t\t<\/div>\n\t\t\t\t<\/article>\n\t\t\t\t<article class=\"elementor-post elementor-grid-item post-183 post type-post status-publish format-standard has-post-thumbnail hentry category-im-museum category-in-den-medien\" role=\"listitem\">\n\t\t\t\t<a class=\"elementor-post__thumbnail__link\" href=\"https:\/\/unterirdis.ch\/wordpress\/2022\/03\/24\/radiobeitrag-auf-der-suche-nach-rohstoffen\/\" tabindex=\"-1\" >\n\t\t\t<div class=\"elementor-post__thumbnail\"><img loading=\"lazy\" decoding=\"async\" width=\"768\" height=\"431\" src=\"https:\/\/unterirdis.ch\/wp-content\/uploads\/2022\/03\/Feuerstein-768x431.jpg\" class=\"attachment-medium_large size-medium_large wp-image-710\" alt=\"\" srcset=\"https:\/\/unterirdis.ch\/wp-content\/uploads\/2022\/03\/Feuerstein-768x431.jpg 768w, https:\/\/unterirdis.ch\/wp-content\/uploads\/2022\/03\/Feuerstein-300x168.jpg 300w, https:\/\/unterirdis.ch\/wp-content\/uploads\/2022\/03\/Feuerstein.jpg 900w\" sizes=\"(max-width: 768px) 100vw, 768px\" \/><\/div>\n\t\t<\/a>\n\t\t\t\t<div class=\"elementor-post__text\">\n\t\t\t\t<h3 class=\"elementor-post__title\">\n\t\t\t<a href=\"https:\/\/unterirdis.ch\/wordpress\/2022\/03\/24\/radiobeitrag-auf-der-suche-nach-rohstoffen\/\" >\n\t\t\t\tRadiobeitrag: Auf der Suche nach Rohstoffen\t\t\t<\/a>\n\t\t<\/h3>\n\t\t\t\t<div class=\"elementor-post__meta-data\">\n\t\t\t\t\t<span class=\"elementor-post-date\">\n\t\t\t24. M\u00e4rz 2022\t\t<\/span>\n\t\t\t\t<\/div>\n\t\t\t\t<div class=\"elementor-post__excerpt\">\n\t\t\t<p>Bergbau in Stein- und Bronzezeit &#8211; Auf der Suche nach Rohstoffen. Ein Radiobeitrag des BR.<\/p>\n\t\t<\/div>\n\t\t\n\t\t<a class=\"elementor-post__read-more\" href=\"https:\/\/unterirdis.ch\/wordpress\/2022\/03\/24\/radiobeitrag-auf-der-suche-nach-rohstoffen\/\" aria-label=\"Mehr \u00fcber Radiobeitrag: Auf der Suche nach Rohstoffen\" tabindex=\"-1\" >\n\t\t\tWeiterlesen \u00bb\t\t<\/a>\n\n\t\t\t\t<\/div>\n\t\t\t\t<\/article>\n\t\t\t\t<\/div>\n\t\t\t\t\t<span class=\"e-load-more-spinner\">\n\t\t\t\t<svg aria-hidden=\"true\" class=\"e-font-icon-svg e-fas-spinner\" viewBox=\"0 0 512 512\" xmlns=\"http:\/\/www.w3.org\/2000\/svg\"><path d=\"M304 48c0 26.51-21.49 48-48 48s-48-21.49-48-48 21.49-48 48-48 48 21.49 48 48zm-48 368c-26.51 0-48 21.49-48 48s21.49 48 48 48 48-21.49 48-48-21.49-48-48-48zm208-208c-26.51 0-48 21.49-48 48s21.49 48 48 48 48-21.49 48-48-21.49-48-48-48zM96 256c0-26.51-21.49-48-48-48S0 229.49 0 256s21.49 48 48 48 48-21.49 48-48zm12.922 99.078c-26.51 0-48 21.49-48 48s21.49 48 48 48 48-21.49 48-48c0-26.509-21.491-48-48-48zm294.156 0c-26.51 0-48 21.49-48 48s21.49 48 48 48 48-21.49 48-48c0-26.509-21.49-48-48-48zM108.922 60.922c-26.51 0-48 21.49-48 48s21.49 48 48 48 48-21.49 48-48-21.491-48-48-48z\"><\/path><\/svg>\t\t\t<\/span>\n\t\t\n\t\t\t\t<div class=\"e-load-more-anchor\" data-page=\"1\" data-max-page=\"2\" data-next-page=\"https:\/\/unterirdis.ch\/wordpress\/wp-json\/wp\/v2\/pages\/375\/page\/2\/\"><\/div>\n\t\t\t\t<div class=\"elementor-button-wrapper\">\n\t\t\t<a class=\"elementor-button elementor-size-sm\" role=\"button\">\n\t\t\t\t\t\t<span class=\"elementor-button-content-wrapper\">\n\t\t\t\t\t\t\t\t\t<span class=\"elementor-button-text\">mehr entdecken<\/span>\n\t\t\t\t\t<\/span>\n\t\t\t\t\t<\/a>\n\t\t<\/div>\n\t\t\t\t<div class=\"e-load-more-message\"><\/div>\n\t\t\t\t\t\t<\/div>\n\t\t\t\t<\/div>\n\t\t\t\t\t<\/div>\n\t\t<\/div>\n\t\t\t\t\t<\/div>\n\t\t<\/section>\n\t\t\t\t<section class=\"elementor-section elementor-top-section elementor-element elementor-element-eab1f16 elementor-section-boxed elementor-section-height-default elementor-section-height-default\" data-id=\"eab1f16\" data-element_type=\"section\" data-e-type=\"section\">\n\t\t\t\t\t\t<div class=\"elementor-container elementor-column-gap-default\">\n\t\t\t\t\t<div class=\"elementor-column elementor-col-100 elementor-top-column elementor-element elementor-element-654b5ca\" data-id=\"654b5ca\" data-element_type=\"column\" data-e-type=\"column\">\n\t\t\t<div class=\"elementor-widget-wrap elementor-element-populated\">\n\t\t\t\t\t\t<div class=\"elementor-element elementor-element-da76712 elementor-widget elementor-widget-spacer\" data-id=\"da76712\" data-element_type=\"widget\" data-e-type=\"widget\" data-widget_type=\"spacer.default\">\n\t\t\t\t<div class=\"elementor-widget-container\">\n\t\t\t\t\t\t\t<div class=\"elementor-spacer\">\n\t\t\t<div class=\"elementor-spacer-inner\"><\/div>\n\t\t<\/div>\n\t\t\t\t\t\t<\/div>\n\t\t\t\t<\/div>\n\t\t\t\t\t<\/div>\n\t\t<\/div>\n\t\t\t\t\t<\/div>\n\t\t<\/section>\n\t\t\t\t<\/div>\n\t\t","protected":false},"excerpt":{"rendered":"<p>Arch\u00e4ologie in den Medien? Na klar! Hier schreiben wir \u00fcber aktuelle Filme, Dokumentationen, Spiele und alles, was uns sonst unter die Nase kommt.\u00a0 Hier erfahrt ihr auch, wenn wir in [&hellip;]<\/p>\n","protected":false},"author":2,"featured_media":0,"parent":0,"menu_order":0,"comment_status":"closed","ping_status":"closed","template":"","meta":{"footnotes":""},"class_list":["post-375","page","type-page","status-publish","hentry"],"yoast_head":"<!-- This site is optimized with the Yoast SEO plugin v27.5 - https:\/\/yoast.com\/product\/yoast-seo-wordpress\/ -->\n<title>In den Medien - unterIrdisch<\/title>\n<meta name=\"robots\" content=\"index, follow, max-snippet:-1, max-image-preview:large, max-video-preview:-1\" \/>\n<link rel=\"canonical\" href=\"https:\/\/unterirdis.ch\/wordpress\/in-den-medien\/\" \/>\n<meta property=\"og:locale\" content=\"de_DE\" \/>\n<meta property=\"og:type\" content=\"article\" \/>\n<meta property=\"og:title\" content=\"In den Medien - unterIrdisch\" \/>\n<meta property=\"og:description\" content=\"Arch\u00e4ologie in den Medien? Na klar! Hier schreiben wir \u00fcber aktuelle Filme, Dokumentationen, Spiele und alles, was uns sonst unter die Nase kommt.\u00a0 Hier erfahrt ihr auch, wenn wir in [&hellip;]\" \/>\n<meta property=\"og:url\" content=\"https:\/\/unterirdis.ch\/wordpress\/in-den-medien\/\" \/>\n<meta property=\"og:site_name\" content=\"unterIrdisch\" \/>\n<meta property=\"article:modified_time\" content=\"2022-07-26T15:22:58+00:00\" \/>\n<meta property=\"og:image\" content=\"https:\/\/unterirdis.ch\/wp-content\/uploads\/2023\/05\/fallback.webp\" \/>\n\t<meta property=\"og:image:width\" content=\"1200\" \/>\n\t<meta property=\"og:image:height\" content=\"675\" \/>\n\t<meta property=\"og:image:type\" content=\"image\/webp\" \/>\n<meta name=\"twitter:card\" content=\"summary_large_image\" \/>\n<meta name=\"twitter:site\" content=\"@unterirdis_ch\" \/>\n<meta name=\"twitter:label1\" content=\"Gesch\u00e4tzte Lesezeit\" \/>\n\t<meta name=\"twitter:data1\" content=\"2\u00a0Minuten\" \/>\n<script type=\"application\/ld+json\" class=\"yoast-schema-graph\">{\"@context\":\"https:\\\/\\\/schema.org\",\"@graph\":[{\"@type\":\"WebPage\",\"@id\":\"https:\\\/\\\/unterirdis.ch\\\/wordpress\\\/in-den-medien\\\/\",\"url\":\"https:\\\/\\\/unterirdis.ch\\\/wordpress\\\/in-den-medien\\\/\",\"name\":\"In den Medien - unterIrdisch\",\"isPartOf\":{\"@id\":\"https:\\\/\\\/unterirdis.ch\\\/wordpress\\\/#website\"},\"datePublished\":\"2022-07-26T09:14:24+00:00\",\"dateModified\":\"2022-07-26T15:22:58+00:00\",\"breadcrumb\":{\"@id\":\"https:\\\/\\\/unterirdis.ch\\\/wordpress\\\/in-den-medien\\\/#breadcrumb\"},\"inLanguage\":\"de\",\"potentialAction\":[{\"@type\":\"ReadAction\",\"target\":[\"https:\\\/\\\/unterirdis.ch\\\/wordpress\\\/in-den-medien\\\/\"]}]},{\"@type\":\"BreadcrumbList\",\"@id\":\"https:\\\/\\\/unterirdis.ch\\\/wordpress\\\/in-den-medien\\\/#breadcrumb\",\"itemListElement\":[{\"@type\":\"ListItem\",\"position\":1,\"name\":\"Startseite\",\"item\":\"https:\\\/\\\/unterirdis.ch\\\/wordpress\\\/\"},{\"@type\":\"ListItem\",\"position\":2,\"name\":\"In den Medien\"}]},{\"@type\":\"WebSite\",\"@id\":\"https:\\\/\\\/unterirdis.ch\\\/wordpress\\\/#website\",\"url\":\"https:\\\/\\\/unterirdis.ch\\\/wordpress\\\/\",\"name\":\"unterIrdisch - der Science-Blog aus dem Haus der Arch\u00e4ologien\",\"description\":\"der Science-Blog aus dem Haus der Arch\u00e4ologien\",\"publisher\":{\"@id\":\"https:\\\/\\\/unterirdis.ch\\\/wordpress\\\/#organization\"},\"alternateName\":\"unterIrdisch\",\"potentialAction\":[{\"@type\":\"SearchAction\",\"target\":{\"@type\":\"EntryPoint\",\"urlTemplate\":\"https:\\\/\\\/unterirdis.ch\\\/wordpress\\\/?s={search_term_string}\"},\"query-input\":{\"@type\":\"PropertyValueSpecification\",\"valueRequired\":true,\"valueName\":\"search_term_string\"}}],\"inLanguage\":\"de\"},{\"@type\":\"Organization\",\"@id\":\"https:\\\/\\\/unterirdis.ch\\\/wordpress\\\/#organization\",\"name\":\"unterIrdisch - der Science-Blog aus dem Haus der Arch\u00e4ologien\",\"alternateName\":\"unterIrdisch\",\"url\":\"https:\\\/\\\/unterirdis.ch\\\/wordpress\\\/\",\"logo\":{\"@type\":\"ImageObject\",\"inLanguage\":\"de\",\"@id\":\"https:\\\/\\\/unterirdis.ch\\\/wordpress\\\/#\\\/schema\\\/logo\\\/image\\\/\",\"url\":\"https:\\\/\\\/unterirdis.ch\\\/wp-content\\\/uploads\\\/2022\\\/03\\\/logo_3000p-scaled.jpg\",\"contentUrl\":\"https:\\\/\\\/unterirdis.ch\\\/wp-content\\\/uploads\\\/2022\\\/03\\\/logo_3000p-scaled.jpg\",\"width\":2560,\"height\":2560,\"caption\":\"unterIrdisch - der Science-Blog aus dem Haus der Arch\u00e4ologien\"},\"image\":{\"@id\":\"https:\\\/\\\/unterirdis.ch\\\/wordpress\\\/#\\\/schema\\\/logo\\\/image\\\/\"},\"sameAs\":[\"https:\\\/\\\/x.com\\\/unterirdis_ch\",\"https:\\\/\\\/instagram.com\\\/unterirdis.ch\",\"https:\\\/\\\/www.youtube.com\\\/channel\\\/UCWj0o58Zp9pOrkbG3Xh2C4Q\"]}]}<\/script>\n<!-- \/ Yoast SEO plugin. -->","yoast_head_json":{"title":"In den Medien - unterIrdisch","robots":{"index":"index","follow":"follow","max-snippet":"max-snippet:-1","max-image-preview":"max-image-preview:large","max-video-preview":"max-video-preview:-1"},"canonical":"https:\/\/unterirdis.ch\/wordpress\/in-den-medien\/","og_locale":"de_DE","og_type":"article","og_title":"In den Medien - unterIrdisch","og_description":"Arch\u00e4ologie in den Medien? Na klar! Hier schreiben wir \u00fcber aktuelle Filme, Dokumentationen, Spiele und alles, was uns sonst unter die Nase kommt.\u00a0 Hier erfahrt ihr auch, wenn wir in [&hellip;]","og_url":"https:\/\/unterirdis.ch\/wordpress\/in-den-medien\/","og_site_name":"unterIrdisch","article_modified_time":"2022-07-26T15:22:58+00:00","og_image":[{"width":1200,"height":675,"url":"https:\/\/unterirdis.ch\/wp-content\/uploads\/2023\/05\/fallback.webp","type":"image\/webp"}],"twitter_card":"summary_large_image","twitter_site":"@unterirdis_ch","twitter_misc":{"Gesch\u00e4tzte Lesezeit":"2\u00a0Minuten"},"schema":{"@context":"https:\/\/schema.org","@graph":[{"@type":"WebPage","@id":"https:\/\/unterirdis.ch\/wordpress\/in-den-medien\/","url":"https:\/\/unterirdis.ch\/wordpress\/in-den-medien\/","name":"In den Medien - unterIrdisch","isPartOf":{"@id":"https:\/\/unterirdis.ch\/wordpress\/#website"},"datePublished":"2022-07-26T09:14:24+00:00","dateModified":"2022-07-26T15:22:58+00:00","breadcrumb":{"@id":"https:\/\/unterirdis.ch\/wordpress\/in-den-medien\/#breadcrumb"},"inLanguage":"de","potentialAction":[{"@type":"ReadAction","target":["https:\/\/unterirdis.ch\/wordpress\/in-den-medien\/"]}]},{"@type":"BreadcrumbList","@id":"https:\/\/unterirdis.ch\/wordpress\/in-den-medien\/#breadcrumb","itemListElement":[{"@type":"ListItem","position":1,"name":"Startseite","item":"https:\/\/unterirdis.ch\/wordpress\/"},{"@type":"ListItem","position":2,"name":"In den Medien"}]},{"@type":"WebSite","@id":"https:\/\/unterirdis.ch\/wordpress\/#website","url":"https:\/\/unterirdis.ch\/wordpress\/","name":"unterIrdisch - der Science-Blog aus dem Haus der Arch\u00e4ologien","description":"der Science-Blog aus dem Haus der Arch\u00e4ologien","publisher":{"@id":"https:\/\/unterirdis.ch\/wordpress\/#organization"},"alternateName":"unterIrdisch","potentialAction":[{"@type":"SearchAction","target":{"@type":"EntryPoint","urlTemplate":"https:\/\/unterirdis.ch\/wordpress\/?s={search_term_string}"},"query-input":{"@type":"PropertyValueSpecification","valueRequired":true,"valueName":"search_term_string"}}],"inLanguage":"de"},{"@type":"Organization","@id":"https:\/\/unterirdis.ch\/wordpress\/#organization","name":"unterIrdisch - der Science-Blog aus dem Haus der Arch\u00e4ologien","alternateName":"unterIrdisch","url":"https:\/\/unterirdis.ch\/wordpress\/","logo":{"@type":"ImageObject","inLanguage":"de","@id":"https:\/\/unterirdis.ch\/wordpress\/#\/schema\/logo\/image\/","url":"https:\/\/unterirdis.ch\/wp-content\/uploads\/2022\/03\/logo_3000p-scaled.jpg","contentUrl":"https:\/\/unterirdis.ch\/wp-content\/uploads\/2022\/03\/logo_3000p-scaled.jpg","width":2560,"height":2560,"caption":"unterIrdisch - der Science-Blog aus dem Haus der Arch\u00e4ologien"},"image":{"@id":"https:\/\/unterirdis.ch\/wordpress\/#\/schema\/logo\/image\/"},"sameAs":["https:\/\/x.com\/unterirdis_ch","https:\/\/instagram.com\/unterirdis.ch","https:\/\/www.youtube.com\/channel\/UCWj0o58Zp9pOrkbG3Xh2C4Q"]}]}},"_links":{"self":[{"href":"https:\/\/unterirdis.ch\/wordpress\/wp-json\/wp\/v2\/pages\/375","targetHints":{"allow":["GET"]}}],"collection":[{"href":"https:\/\/unterirdis.ch\/wordpress\/wp-json\/wp\/v2\/pages"}],"about":[{"href":"https:\/\/unterirdis.ch\/wordpress\/wp-json\/wp\/v2\/types\/page"}],"author":[{"embeddable":true,"href":"https:\/\/unterirdis.ch\/wordpress\/wp-json\/wp\/v2\/users\/2"}],"replies":[{"embeddable":true,"href":"https:\/\/unterirdis.ch\/wordpress\/wp-json\/wp\/v2\/comments?post=375"}],"version-history":[{"count":0,"href":"https:\/\/unterirdis.ch\/wordpress\/wp-json\/wp\/v2\/pages\/375\/revisions"}],"wp:attachment":[{"href":"https:\/\/unterirdis.ch\/wordpress\/wp-json\/wp\/v2\/media?parent=375"}],"curies":[{"name":"wp","href":"https:\/\/api.w.org\/{rel}","templated":true}]}}